{"id":1390,"date":"2023-05-07T17:17:22","date_gmt":"2023-05-07T17:17:22","guid":{"rendered":"https:\/\/new.dantza.com\/?page_id=1390"},"modified":"2025-12-04T12:09:06","modified_gmt":"2025-12-04T12:09:06","slug":"esparrago-do-navarra-extra","status":"publish","type":"page","link":"https:\/\/www.dantza.com\/fr\/productos\/esparrago-do-navarra-extra\/","title":{"rendered":"Esp\u00e1rrago DO Navarra Extra"},"content":{"rendered":"<p><div class=\"fusion-fullwidth fullwidth-box fusion-builder-row-1 fusion-flex-container has-pattern-background has-mask-background nonhundred-percent-fullwidth non-hundred-percent-height-scrolling\" style=\"--awb-border-radius-top-left:0px;--awb-border-radius-top-right:0px;--awb-border-radius-bottom-right:0px;--awb-border-radius-bottom-left:0px;--awb-flex-wrap:wrap;\" ><div class=\"fusion-builder-row fusion-row fusion-flex-align-items-flex-start fusion-flex-content-wrap\" style=\"max-width:1248px;margin-left: calc(-4% \/ 2 );margin-right: calc(-4% \/ 2 );\"><div class=\"fusion-layout-column fusion_builder_column fusion-builder-column-0 fusion_builder_column_1_1 1_1 fusion-flex-column\" style=\"--awb-bg-size:cover;--awb-width-large:100%;--awb-margin-top-large:0px;--awb-spacing-right-large:1.92%;--awb-margin-bottom-large:20px;--awb-spacing-left-large:1.92%;--awb-width-medium:100%;--awb-order-medium:0;--awb-spacing-right-medium:1.92%;--awb-spacing-left-medium:1.92%;--awb-width-small:100%;--awb-order-small:0;--awb-spacing-right-small:1.92%;--awb-spacing-left-small:1.92%;\"><div class=\"fusion-column-wrapper fusion-column-has-shadow fusion-flex-justify-content-flex-start fusion-content-layout-column\"><div class=\"fusion-content-boxes content-boxes columns row fusion-columns-5 fusion-columns-total-1 fusion-content-boxes-1 content-boxes-clean-horizontal content-left content-boxes-icon-on-side\" style=\"--awb-backgroundcolor:#ffffff;--awb-body-color:#555555;--awb-title-color:#111111;--awb-iconcolor:#ffffff;--awb-hover-accent-color:#ff9451;--awb-circle-hover-accent-color:#ff9451;\" data-animationoffset=\"top-into-view\"><div style=\"--awb-backgroundcolor:#ffffff;--awb-iconcolor:#754de3;--awb-content-padding-left:120px;border-color:rgba(255,255,255,0);\" class=\"fusion-column content-box-column content-box-column-1 col-lg-2 col-md-2 col-sm-2 fusion-content-box-hover content-box-column-first-in-row content-box-column-last\"><div class=\"col content-box-wrapper content-wrapper-background link-area-box link-type-text icon-hover-animation-fade fusion-animated\" data-link=\"#\" data-link-target=\"_self\" data-animationtype=\"fadeInDown\" data-animationduration=\"0.9\" data-animationoffset=\"top-into-view\"><div class=\"heading heading-with-icon icon-left\"><a class=\"heading-link\" href=\"#\" target=\"_self\"><div aria-hidden=\"true\" class=\"image\"><img decoding=\"async\" class=\"lazyload\" src=\"data:image\/svg+xml,%3Csvg%20xmlns%3D%27http%3A%2F%2Fwww.w3.org%2F2000%2Fsvg%27%20width%3D%27500%27%20height%3D%27500%27%20viewBox%3D%270%200%20500%20500%27%3E%3Crect%20width%3D%27500%27%20height%3D%27500%27%20fill-opacity%3D%220%22%2F%3E%3C%2Fsvg%3E\" data-orig-src=\"http:\/\/dantza.com\/wp-content\/uploads\/2023\/05\/LOG_esparrago_navarra.png\" width=\"100\" height=\"100\" alt=\"\" title=\"\"><\/div><\/a><\/div><\/div><\/div><div class=\"fusion-clearfix\"><\/div><\/div><\/div><\/div><\/div><\/div><div class=\"fusion-fullwidth fullwidth-box fusion-builder-row-2 fusion-flex-container has-pattern-background has-mask-background nonhundred-percent-fullwidth non-hundred-percent-height-scrolling\" style=\"--awb-border-radius-top-left:0px;--awb-border-radius-top-right:0px;--awb-border-radius-bottom-right:0px;--awb-border-radius-bottom-left:0px;--awb-flex-wrap:wrap;\" ><div class=\"fusion-builder-row fusion-row fusion-flex-align-items-flex-start fusion-flex-content-wrap\" style=\"max-width:1248px;margin-left: calc(-4% \/ 2 );margin-right: calc(-4% \/ 2 );\"><div class=\"fusion-layout-column fusion_builder_column fusion-builder-column-1 fusion_builder_column_1_1 1_1 fusion-flex-column\" style=\"--awb-bg-size:cover;--awb-width-large:100%;--awb-margin-top-large:0px;--awb-spacing-right-large:1.92%;--awb-margin-bottom-large:20px;--awb-spacing-left-large:1.92%;--awb-width-medium:100%;--awb-order-medium:0;--awb-spacing-right-medium:1.92%;--awb-spacing-left-medium:1.92%;--awb-width-small:100%;--awb-order-small:0;--awb-spacing-right-small:1.92%;--awb-spacing-left-small:1.92%;\"><div class=\"fusion-column-wrapper fusion-column-has-shadow fusion-flex-justify-content-flex-start fusion-content-layout-column\"><a class=\"fusion-modal-text-link\" data-toggle=\"modal\" data-target=\".fusion-modal.volver\" href=\"#\">\n<p style=\"text-align: right;\"><a href=\"\/fr\/productos\/\">\u21d0 RETOUR AUX PRODUITS<\/a><\/p>\n<\/a><\/div><\/div><\/div><\/div><div class=\"fusion-fullwidth fullwidth-box fusion-builder-row-3 fusion-flex-container has-pattern-background has-mask-background nonhundred-percent-fullwidth non-hundred-percent-height-scrolling\" style=\"--awb-border-radius-top-left:0px;--awb-border-radius-top-right:0px;--awb-border-radius-bottom-right:0px;--awb-border-radius-bottom-left:0px;--awb-flex-wrap:wrap;\" ><div class=\"fusion-builder-row fusion-row fusion-flex-align-items-flex-start fusion-flex-content-wrap\" style=\"max-width:1248px;margin-left: calc(-4% \/ 2 );margin-right: calc(-4% \/ 2 );\"><div class=\"fusion-layout-column fusion_builder_column fusion-builder-column-2 fusion_builder_column_1_1 1_1 fusion-flex-column\" style=\"--awb-bg-size:cover;--awb-width-large:100%;--awb-margin-top-large:0px;--awb-spacing-right-large:1.92%;--awb-margin-bottom-large:20px;--awb-spacing-left-large:1.92%;--awb-width-medium:100%;--awb-order-medium:0;--awb-spacing-right-medium:1.92%;--awb-spacing-left-medium:1.92%;--awb-width-small:100%;--awb-order-small:0;--awb-spacing-right-small:1.92%;--awb-spacing-left-small:1.92%;\"><div class=\"fusion-column-wrapper fusion-column-has-shadow fusion-flex-justify-content-flex-start fusion-content-layout-column\"><div class=\"fusion-section-separator section-separator triangle fusion-section-separator-1\" style=\"--awb-border-top:1px solid var(--awb-color3);--awb-spacer-height:1px;--awb-svg-margin-left:1.92%;--awb-svg-margin-right:1.92%;--awb-svg-margin-left-medium:1.92%;--awb-svg-margin-right-medium:1.92%;--awb-svg-margin-left-small:1.92%;--awb-svg-margin-right-small:1.92%;--awb-icon-color:var(--awb-color1);\"><div class=\"fusion-section-separator-svg\"><div class=\"divider-candy-arrow top\" style=\"bottom:0px;border-bottom-color: var(--awb-color2);\"><\/div><div class=\"divider-candy top\" style=\"top:-21px;border-bottom:1px solid var(--awb-color3);border-left:1px solid var(--awb-color3);\"><\/div><\/div><div class=\"fusion-section-separator-spacer\"><div class=\"fusion-section-separator-spacer-height\"><\/div><\/div><\/div><div class=\"fusion-text fusion-text-1\"><p><strong>Asperges de Navarre<\/strong><br \/>\nLes asperges de Navarre sont une r\u00e9f\u00e9rence mondiale et constituent le tr\u00e9sor le plus repr\u00e9sentatif du potager navarrais. Les agriculteurs membres de Grupo AN les cultivent avec soin dans la zone exclusive prot\u00e9g\u00e9e par le Conseil r\u00e9gulateur de l\u2019appellation d\u2019origine.<\/p>\n<\/div><\/div><\/div><\/div><\/div><div class=\"fusion-fullwidth fullwidth-box fusion-builder-row-4 fusion-flex-container has-pattern-background has-mask-background nonhundred-percent-fullwidth non-hundred-percent-height-scrolling\" style=\"--awb-border-radius-top-left:0px;--awb-border-radius-top-right:0px;--awb-border-radius-bottom-right:0px;--awb-border-radius-bottom-left:0px;--awb-flex-wrap:wrap;\" ><div class=\"fusion-builder-row fusion-row fusion-flex-align-items-flex-start fusion-flex-content-wrap\" style=\"max-width:1248px;margin-left: calc(-4% \/ 2 );margin-right: calc(-4% \/ 2 );\"><div class=\"fusion-layout-column fusion_builder_column fusion-builder-column-3 fusion_builder_column_1_4 1_4 fusion-flex-column\" style=\"--awb-bg-size:cover;--awb-width-large:25%;--awb-margin-top-large:0px;--awb-spacing-right-large:7.68%;--awb-margin-bottom-large:20px;--awb-spacing-left-large:7.68%;--awb-width-medium:25%;--awb-order-medium:0;--awb-spacing-right-medium:7.68%;--awb-spacing-left-medium:7.68%;--awb-width-small:100%;--awb-order-small:0;--awb-spacing-right-small:1.92%;--awb-spacing-left-small:1.92%;\"><div class=\"fusion-column-wrapper fusion-column-has-shadow fusion-flex-justify-content-flex-start fusion-content-layout-column\"><a class=\"fusion-modal-text-link\" data-toggle=\"modal\" data-target=\".fusion-modal.categorias\" href=\"#\">\n<h4>Cat\u00e9gories<\/h4>\n<ul>\n<li><a href=\"\/fr\/productos\/esparrago-do-navarra-extra\/entero-extra-do-navarra\/\">Asperges enti\u00e8res Extra IGP Navarre<\/a><\/li>\n<li><a href=\"\/fr\/productos\/esparrago-do-navarra-extra\/yemas-extra-do-navarra\/\">Pointes d\u2019asperges Extra IGP Navarre<\/a><\/li>\n<\/ul>\n<\/a><\/div><\/div><div class=\"fusion-layout-column fusion_builder_column fusion-builder-column-4 fusion_builder_column_3_4 3_4 fusion-flex-column\" style=\"--awb-bg-size:cover;--awb-width-large:75%;--awb-margin-top-large:0px;--awb-spacing-right-large:2.56%;--awb-margin-bottom-large:20px;--awb-spacing-left-large:2.56%;--awb-width-medium:75%;--awb-order-medium:0;--awb-spacing-right-medium:2.56%;--awb-spacing-left-medium:2.56%;--awb-width-small:100%;--awb-order-small:0;--awb-spacing-right-small:1.92%;--awb-spacing-left-small:1.92%;\"><div class=\"fusion-column-wrapper fusion-column-has-shadow fusion-flex-justify-content-flex-start fusion-content-layout-column\"><div class=\"fusion-woo-product-grid fusion-product-archive fusion-woo-product-grid-1 fusion-woo-product-grid-spacing-off hide-price hide-rating hide-buttons font-size:12\"><ul class=\"products products-3\"><li class=\"product type-product post-1097 status-publish first instock product_cat-entero-extra-igp-navarra product_cat-esparrago-de-navarra has-post-thumbnail shipping-taxable product-type-simple product-grid-view\">\n\t<div class=\"fusion-product-wrapper\">\n\n<div class=\"fusion-clean-product-image-wrapper\">\n\t<div  class=\"fusion-image-wrapper fusion-image-size-fixed\" aria-haspopup=\"true\">\n\t\t\t\t\t\t\t<a href=\"https:\/\/www.dantza.com\/fr\/produit\/esparrago-igp-navarra-lata-1-kg\/\" aria-label=\"Asperge DO Navarre Conserve Kilo\">\n\t\t\t\t\t\t\t<img decoding=\"async\" width=\"500\" height=\"500\" src=\"https:\/\/www.dantza.com\/wp-content\/uploads\/2023\/05\/Esparragos_lata_kilo_4-6_2000x2000-500x500.jpg\" class=\"attachment-woocommerce_thumbnail size-woocommerce_thumbnail lazyload wp-post-image\" alt=\"Comprar Esp\u00e1rrago Navarra 1 kg | Calidad premium IGP\" srcset=\"data:image\/svg+xml,%3Csvg%20xmlns%3D%27http%3A%2F%2Fwww.w3.org%2F2000%2Fsvg%27%20width%3D%272000%27%20height%3D%272000%27%20viewBox%3D%270%200%202000%202000%27%3E%3Crect%20width%3D%272000%27%20height%3D%272000%27%20fill-opacity%3D%220%22%2F%3E%3C%2Fsvg%3E\" data-orig-src=\"https:\/\/www.dantza.com\/wp-content\/uploads\/2023\/05\/Esparragos_lata_kilo_4-6_2000x2000-500x500.jpg\" data-srcset=\"https:\/\/www.dantza.com\/wp-content\/uploads\/2023\/05\/Esparragos_lata_kilo_4-6_2000x2000-12x12.jpg 12w, https:\/\/www.dantza.com\/wp-content\/uploads\/2023\/05\/Esparragos_lata_kilo_4-6_2000x2000-66x66.jpg 66w, https:\/\/www.dantza.com\/wp-content\/uploads\/2023\/05\/Esparragos_lata_kilo_4-6_2000x2000-150x150.jpg 150w, https:\/\/www.dantza.com\/wp-content\/uploads\/2023\/05\/Esparragos_lata_kilo_4-6_2000x2000-200x200.jpg 200w, https:\/\/www.dantza.com\/wp-content\/uploads\/2023\/05\/Esparragos_lata_kilo_4-6_2000x2000-300x300.jpg 300w, https:\/\/www.dantza.com\/wp-content\/uploads\/2023\/05\/Esparragos_lata_kilo_4-6_2000x2000-400x400.jpg 400w, https:\/\/www.dantza.com\/wp-content\/uploads\/2023\/05\/Esparragos_lata_kilo_4-6_2000x2000-500x500.jpg 500w, https:\/\/www.dantza.com\/wp-content\/uploads\/2023\/05\/Esparragos_lata_kilo_4-6_2000x2000-600x600.jpg 600w, https:\/\/www.dantza.com\/wp-content\/uploads\/2023\/05\/Esparragos_lata_kilo_4-6_2000x2000-700x700.jpg 700w, https:\/\/www.dantza.com\/wp-content\/uploads\/2023\/05\/Esparragos_lata_kilo_4-6_2000x2000-768x768.jpg 768w, https:\/\/www.dantza.com\/wp-content\/uploads\/2023\/05\/Esparragos_lata_kilo_4-6_2000x2000-800x800.jpg 800w, https:\/\/www.dantza.com\/wp-content\/uploads\/2023\/05\/Esparragos_lata_kilo_4-6_2000x2000-1024x1024.jpg 1024w, https:\/\/www.dantza.com\/wp-content\/uploads\/2023\/05\/Esparragos_lata_kilo_4-6_2000x2000-1200x1200.jpg 1200w, https:\/\/www.dantza.com\/wp-content\/uploads\/2023\/05\/Esparragos_lata_kilo_4-6_2000x2000-1536x1536.jpg 1536w\" data-sizes=\"auto\" title=\"\" data-orig-><div class=\"cart-loading\"><i class=\"awb-icon-spinner\" aria-hidden=\"true\"><\/i><\/div>\t\t\t<\/a>\n\t\t\t\t\t\t\t<\/div>\n<\/div>\n<div class=\"fusion-product-content\">\n\t<div class=\"product-details\">\n\t\t<div class=\"product-details-container\">\n<h3 class=\"product-title\">\n\t<a href=\"https:\/\/www.dantza.com\/fr\/produit\/esparrago-igp-navarra-lata-1-kg\/\">\n\t\tAsperge DO Navarre Conserve Kilo\t<\/a>\n<\/h3>\n<div class=\"fusion-price-rating\">\n\n\t\t<\/div>\n\t<\/div>\n<\/div>\n\n\t<\/div> \n\n\n<\/div>\n<\/li>\n<li class=\"product type-product post-1096 status-publish instock product_cat-entero-extra-igp-navarra product_cat-esparrago-de-navarra has-post-thumbnail shipping-taxable product-type-simple product-grid-view\">\n\t<div class=\"fusion-product-wrapper\">\n\n<div class=\"fusion-clean-product-image-wrapper\">\n\t<div  class=\"fusion-image-wrapper fusion-image-size-fixed\" aria-haspopup=\"true\">\n\t\t\t\t\t\t\t<a href=\"https:\/\/www.dantza.com\/fr\/produit\/esparrago-igp-navarra-lata-1-2-kg\/\" aria-label=\"Asperge DO Navarre Conserve 1\/2 Kg\">\n\t\t\t\t\t\t\t<img decoding=\"async\" width=\"500\" height=\"500\" src=\"https:\/\/www.dantza.com\/wp-content\/uploads\/2023\/05\/Esparragos_lata_Mediokilo_5-7_2000x2000-500x500.jpg\" class=\"attachment-woocommerce_thumbnail size-woocommerce_thumbnail lazyload wp-post-image\" alt=\"Comprar Esp\u00e1rrago Navarra 1\/2 kg | IGP aut\u00e9ntico\" srcset=\"data:image\/svg+xml,%3Csvg%20xmlns%3D%27http%3A%2F%2Fwww.w3.org%2F2000%2Fsvg%27%20width%3D%272000%27%20height%3D%272000%27%20viewBox%3D%270%200%202000%202000%27%3E%3Crect%20width%3D%272000%27%20height%3D%272000%27%20fill-opacity%3D%220%22%2F%3E%3C%2Fsvg%3E\" data-orig-src=\"https:\/\/www.dantza.com\/wp-content\/uploads\/2023\/05\/Esparragos_lata_Mediokilo_5-7_2000x2000-500x500.jpg\" data-srcset=\"https:\/\/www.dantza.com\/wp-content\/uploads\/2023\/05\/Esparragos_lata_Mediokilo_5-7_2000x2000-12x12.jpg 12w, https:\/\/www.dantza.com\/wp-content\/uploads\/2023\/05\/Esparragos_lata_Mediokilo_5-7_2000x2000-66x66.jpg 66w, https:\/\/www.dantza.com\/wp-content\/uploads\/2023\/05\/Esparragos_lata_Mediokilo_5-7_2000x2000-150x150.jpg 150w, https:\/\/www.dantza.com\/wp-content\/uploads\/2023\/05\/Esparragos_lata_Mediokilo_5-7_2000x2000-200x200.jpg 200w, https:\/\/www.dantza.com\/wp-content\/uploads\/2023\/05\/Esparragos_lata_Mediokilo_5-7_2000x2000-300x300.jpg 300w, https:\/\/www.dantza.com\/wp-content\/uploads\/2023\/05\/Esparragos_lata_Mediokilo_5-7_2000x2000-400x400.jpg 400w, https:\/\/www.dantza.com\/wp-content\/uploads\/2023\/05\/Esparragos_lata_Mediokilo_5-7_2000x2000-500x500.jpg 500w, https:\/\/www.dantza.com\/wp-content\/uploads\/2023\/05\/Esparragos_lata_Mediokilo_5-7_2000x2000-600x600.jpg 600w, https:\/\/www.dantza.com\/wp-content\/uploads\/2023\/05\/Esparragos_lata_Mediokilo_5-7_2000x2000-700x700.jpg 700w, https:\/\/www.dantza.com\/wp-content\/uploads\/2023\/05\/Esparragos_lata_Mediokilo_5-7_2000x2000-768x768.jpg 768w, https:\/\/www.dantza.com\/wp-content\/uploads\/2023\/05\/Esparragos_lata_Mediokilo_5-7_2000x2000-800x800.jpg 800w, https:\/\/www.dantza.com\/wp-content\/uploads\/2023\/05\/Esparragos_lata_Mediokilo_5-7_2000x2000-1024x1024.jpg 1024w, https:\/\/www.dantza.com\/wp-content\/uploads\/2023\/05\/Esparragos_lata_Mediokilo_5-7_2000x2000-1200x1200.jpg 1200w, https:\/\/www.dantza.com\/wp-content\/uploads\/2023\/05\/Esparragos_lata_Mediokilo_5-7_2000x2000-1536x1536.jpg 1536w\" data-sizes=\"auto\" title=\"\" data-orig-><div class=\"cart-loading\"><i class=\"awb-icon-spinner\" aria-hidden=\"true\"><\/i><\/div>\t\t\t<\/a>\n\t\t\t\t\t\t\t<\/div>\n<\/div>\n<div class=\"fusion-product-content\">\n\t<div class=\"product-details\">\n\t\t<div class=\"product-details-container\">\n<h3 class=\"product-title\">\n\t<a href=\"https:\/\/www.dantza.com\/fr\/produit\/esparrago-igp-navarra-lata-1-2-kg\/\">\n\t\tAsperge DO Navarre Conserve 1\/2 Kg\t<\/a>\n<\/h3>\n<div class=\"fusion-price-rating\">\n\n\t\t<\/div>\n\t<\/div>\n<\/div>\n\n\t<\/div> \n\n\n<\/div>\n<\/li>\n<li class=\"product type-product post-1095 status-publish last instock product_cat-entero-extra-igp-navarra product_cat-esparrago-de-navarra has-post-thumbnail shipping-taxable product-type-simple product-grid-view\">\n\t<div class=\"fusion-product-wrapper\">\n\n<div class=\"fusion-clean-product-image-wrapper\">\n\t<div  class=\"fusion-image-wrapper fusion-image-size-fixed\" aria-haspopup=\"true\">\n\t\t\t\t\t\t\t<a href=\"https:\/\/www.dantza.com\/fr\/produit\/esparrago-igp-navarra-lata-fiesta\/\" aria-label=\"Asperge DO Navarre Conserve Fiesta\">\n\t\t\t\t\t\t\t<img decoding=\"async\" width=\"500\" height=\"500\" src=\"https:\/\/www.dantza.com\/wp-content\/uploads\/2023\/05\/Esparragos_fiesta-500x500.jpg\" class=\"attachment-woocommerce_thumbnail size-woocommerce_thumbnail lazyload wp-post-image\" alt=\"Comprar Esp\u00e1rrago IGP lata fiesta | Formato especial\" srcset=\"data:image\/svg+xml,%3Csvg%20xmlns%3D%27http%3A%2F%2Fwww.w3.org%2F2000%2Fsvg%27%20width%3D%271000%27%20height%3D%271000%27%20viewBox%3D%270%200%201000%201000%27%3E%3Crect%20width%3D%271000%27%20height%3D%271000%27%20fill-opacity%3D%220%22%2F%3E%3C%2Fsvg%3E\" data-orig-src=\"https:\/\/www.dantza.com\/wp-content\/uploads\/2023\/05\/Esparragos_fiesta-500x500.jpg\" data-srcset=\"https:\/\/www.dantza.com\/wp-content\/uploads\/2023\/05\/Esparragos_fiesta-12x12.jpg 12w, https:\/\/www.dantza.com\/wp-content\/uploads\/2023\/05\/Esparragos_fiesta-66x66.jpg 66w, https:\/\/www.dantza.com\/wp-content\/uploads\/2023\/05\/Esparragos_fiesta-150x150.jpg 150w, https:\/\/www.dantza.com\/wp-content\/uploads\/2023\/05\/Esparragos_fiesta-200x200.jpg 200w, https:\/\/www.dantza.com\/wp-content\/uploads\/2023\/05\/Esparragos_fiesta-300x300.jpg 300w, https:\/\/www.dantza.com\/wp-content\/uploads\/2023\/05\/Esparragos_fiesta-400x400.jpg 400w, https:\/\/www.dantza.com\/wp-content\/uploads\/2023\/05\/Esparragos_fiesta-500x500.jpg 500w, https:\/\/www.dantza.com\/wp-content\/uploads\/2023\/05\/Esparragos_fiesta-600x600.jpg 600w, https:\/\/www.dantza.com\/wp-content\/uploads\/2023\/05\/Esparragos_fiesta-700x700.jpg 700w, https:\/\/www.dantza.com\/wp-content\/uploads\/2023\/05\/Esparragos_fiesta-768x768.jpg 768w, https:\/\/www.dantza.com\/wp-content\/uploads\/2023\/05\/Esparragos_fiesta-800x800.jpg 800w, https:\/\/www.dantza.com\/wp-content\/uploads\/2023\/05\/Esparragos_fiesta.jpg 1000w\" data-sizes=\"auto\" title=\"\" data-orig-><div class=\"cart-loading\"><i class=\"awb-icon-spinner\" aria-hidden=\"true\"><\/i><\/div>\t\t\t<\/a>\n\t\t\t\t\t\t\t<\/div>\n<\/div>\n<div class=\"fusion-product-content\">\n\t<div class=\"product-details\">\n\t\t<div class=\"product-details-container\">\n<h3 class=\"product-title\">\n\t<a href=\"https:\/\/www.dantza.com\/fr\/produit\/esparrago-igp-navarra-lata-fiesta\/\">\n\t\tAsperge DO Navarre Conserve Fiesta\t<\/a>\n<\/h3>\n<div class=\"fusion-price-rating\">\n\n\t\t<\/div>\n\t<\/div>\n<\/div>\n\n\t<\/div> \n\n\n<\/div>\n<\/li>\n<li class=\"product type-product post-1209 status-publish first instock product_cat-entero-extra-igp-navarra product_cat-esparrago-de-navarra has-post-thumbnail shipping-taxable product-type-simple product-grid-view\">\n\t<div class=\"fusion-product-wrapper\">\n\n<div class=\"fusion-clean-product-image-wrapper\">\n\t<div  class=\"fusion-image-wrapper fusion-image-size-fixed\" aria-haspopup=\"true\">\n\t\t\t\t\t\t\t<a href=\"https:\/\/www.dantza.com\/fr\/produit\/esparragos-blancos-de-navarra-edicion-especial\/\" aria-label=\"Asperges blanches de Navarre (\u00e9dition sp\u00e9ciale)\">\n\t\t\t\t\t\t\t<img decoding=\"async\" width=\"500\" height=\"500\" src=\"https:\/\/www.dantza.com\/wp-content\/uploads\/2023\/05\/ESN_Esparragos_blancos_navarra_EE-500x500.jpg\" class=\"attachment-woocommerce_thumbnail size-woocommerce_thumbnail lazyload wp-post-image\" alt=\"Comprar Esp\u00e1rragos blancos Navarra | Edici\u00f3n\" srcset=\"data:image\/svg+xml,%3Csvg%20xmlns%3D%27http%3A%2F%2Fwww.w3.org%2F2000%2Fsvg%27%20width%3D%271000%27%20height%3D%271000%27%20viewBox%3D%270%200%201000%201000%27%3E%3Crect%20width%3D%271000%27%20height%3D%271000%27%20fill-opacity%3D%220%22%2F%3E%3C%2Fsvg%3E\" data-orig-src=\"https:\/\/www.dantza.com\/wp-content\/uploads\/2023\/05\/ESN_Esparragos_blancos_navarra_EE-500x500.jpg\" data-srcset=\"https:\/\/www.dantza.com\/wp-content\/uploads\/2023\/05\/ESN_Esparragos_blancos_navarra_EE-66x66.jpg 66w, https:\/\/www.dantza.com\/wp-content\/uploads\/2023\/05\/ESN_Esparragos_blancos_navarra_EE-150x150.jpg 150w, https:\/\/www.dantza.com\/wp-content\/uploads\/2023\/05\/ESN_Esparragos_blancos_navarra_EE-200x200.jpg 200w, https:\/\/www.dantza.com\/wp-content\/uploads\/2023\/05\/ESN_Esparragos_blancos_navarra_EE-300x300.jpg 300w, https:\/\/www.dantza.com\/wp-content\/uploads\/2023\/05\/ESN_Esparragos_blancos_navarra_EE-400x400.jpg 400w, https:\/\/www.dantza.com\/wp-content\/uploads\/2023\/05\/ESN_Esparragos_blancos_navarra_EE-500x500.jpg 500w, https:\/\/www.dantza.com\/wp-content\/uploads\/2023\/05\/ESN_Esparragos_blancos_navarra_EE-600x600.jpg 600w, https:\/\/www.dantza.com\/wp-content\/uploads\/2023\/05\/ESN_Esparragos_blancos_navarra_EE-700x700.jpg 700w, https:\/\/www.dantza.com\/wp-content\/uploads\/2023\/05\/ESN_Esparragos_blancos_navarra_EE-768x768.jpg 768w, https:\/\/www.dantza.com\/wp-content\/uploads\/2023\/05\/ESN_Esparragos_blancos_navarra_EE-800x800.jpg 800w, https:\/\/www.dantza.com\/wp-content\/uploads\/2023\/05\/ESN_Esparragos_blancos_navarra_EE.jpg 1000w\" data-sizes=\"auto\" title=\"\" data-orig-><div class=\"cart-loading\"><i class=\"awb-icon-spinner\" aria-hidden=\"true\"><\/i><\/div>\t\t\t<\/a>\n\t\t\t\t\t\t\t<\/div>\n<\/div>\n<div class=\"fusion-product-content\">\n\t<div class=\"product-details\">\n\t\t<div class=\"product-details-container\">\n<h3 class=\"product-title\">\n\t<a href=\"https:\/\/www.dantza.com\/fr\/produit\/esparragos-blancos-de-navarra-edicion-especial\/\">\n\t\tAsperges blanches de Navarre (\u00e9dition sp\u00e9ciale)\t<\/a>\n<\/h3>\n<div class=\"fusion-price-rating\">\n\n\t\t<\/div>\n\t<\/div>\n<\/div>\n\n\t<\/div> \n\n\n<\/div>\n<\/li>\n<li class=\"product type-product post-1099 status-publish instock product_cat-entero-extra-igp-navarra product_cat-esparrago-de-navarra has-post-thumbnail shipping-taxable product-type-simple product-grid-view\">\n\t<div class=\"fusion-product-wrapper\">\n\n<div class=\"fusion-clean-product-image-wrapper\">\n\t<div  class=\"fusion-image-wrapper fusion-image-size-fixed\" aria-haspopup=\"true\">\n\t\t\t\t\t\t\t<a href=\"https:\/\/www.dantza.com\/fr\/produit\/esparrago-igp-navarra-frasco-m-580\/\" aria-label=\"Asperge DO Navarre Pot M-580\">\n\t\t\t\t\t\t\t<img decoding=\"async\" width=\"500\" height=\"500\" src=\"https:\/\/www.dantza.com\/wp-content\/uploads\/2023\/05\/Esparrago_DO_Navarra_M580_5-8_2000x2000-500x500.jpg\" class=\"attachment-woocommerce_thumbnail size-woocommerce_thumbnail lazyload wp-post-image\" alt=\"Comprar Esp\u00e1rrago IGP Navarra m580 | Conserva premium\" srcset=\"data:image\/svg+xml,%3Csvg%20xmlns%3D%27http%3A%2F%2Fwww.w3.org%2F2000%2Fsvg%27%20width%3D%272000%27%20height%3D%272000%27%20viewBox%3D%270%200%202000%202000%27%3E%3Crect%20width%3D%272000%27%20height%3D%272000%27%20fill-opacity%3D%220%22%2F%3E%3C%2Fsvg%3E\" data-orig-src=\"https:\/\/www.dantza.com\/wp-content\/uploads\/2023\/05\/Esparrago_DO_Navarra_M580_5-8_2000x2000-500x500.jpg\" data-srcset=\"https:\/\/www.dantza.com\/wp-content\/uploads\/2023\/05\/Esparrago_DO_Navarra_M580_5-8_2000x2000-12x12.jpg 12w, https:\/\/www.dantza.com\/wp-content\/uploads\/2023\/05\/Esparrago_DO_Navarra_M580_5-8_2000x2000-66x66.jpg 66w, https:\/\/www.dantza.com\/wp-content\/uploads\/2023\/05\/Esparrago_DO_Navarra_M580_5-8_2000x2000-150x150.jpg 150w, https:\/\/www.dantza.com\/wp-content\/uploads\/2023\/05\/Esparrago_DO_Navarra_M580_5-8_2000x2000-200x200.jpg 200w, https:\/\/www.dantza.com\/wp-content\/uploads\/2023\/05\/Esparrago_DO_Navarra_M580_5-8_2000x2000-300x300.jpg 300w, https:\/\/www.dantza.com\/wp-content\/uploads\/2023\/05\/Esparrago_DO_Navarra_M580_5-8_2000x2000-400x400.jpg 400w, https:\/\/www.dantza.com\/wp-content\/uploads\/2023\/05\/Esparrago_DO_Navarra_M580_5-8_2000x2000-500x500.jpg 500w, https:\/\/www.dantza.com\/wp-content\/uploads\/2023\/05\/Esparrago_DO_Navarra_M580_5-8_2000x2000-600x600.jpg 600w, https:\/\/www.dantza.com\/wp-content\/uploads\/2023\/05\/Esparrago_DO_Navarra_M580_5-8_2000x2000-700x700.jpg 700w, https:\/\/www.dantza.com\/wp-content\/uploads\/2023\/05\/Esparrago_DO_Navarra_M580_5-8_2000x2000-768x768.jpg 768w, https:\/\/www.dantza.com\/wp-content\/uploads\/2023\/05\/Esparrago_DO_Navarra_M580_5-8_2000x2000-800x800.jpg 800w, https:\/\/www.dantza.com\/wp-content\/uploads\/2023\/05\/Esparrago_DO_Navarra_M580_5-8_2000x2000-1024x1024.jpg 1024w, https:\/\/www.dantza.com\/wp-content\/uploads\/2023\/05\/Esparrago_DO_Navarra_M580_5-8_2000x2000-1200x1200.jpg 1200w, https:\/\/www.dantza.com\/wp-content\/uploads\/2023\/05\/Esparrago_DO_Navarra_M580_5-8_2000x2000-1536x1536.jpg 1536w\" data-sizes=\"auto\" title=\"\" data-orig-><div class=\"cart-loading\"><i class=\"awb-icon-spinner\" aria-hidden=\"true\"><\/i><\/div>\t\t\t<\/a>\n\t\t\t\t\t\t\t<\/div>\n<\/div>\n<div class=\"fusion-product-content\">\n\t<div class=\"product-details\">\n\t\t<div class=\"product-details-container\">\n<h3 class=\"product-title\">\n\t<a href=\"https:\/\/www.dantza.com\/fr\/produit\/esparrago-igp-navarra-frasco-m-580\/\">\n\t\tAsperge DO Navarre Pot M-580\t<\/a>\n<\/h3>\n<div class=\"fusion-price-rating\">\n\n\t\t<\/div>\n\t<\/div>\n<\/div>\n\n\t<\/div> \n\n\n<\/div>\n<\/li>\n<li class=\"product type-product post-1098 status-publish last instock product_cat-entero-extra-igp-navarra product_cat-esparrago-de-navarra has-post-thumbnail shipping-taxable product-type-simple product-grid-view\">\n\t<div class=\"fusion-product-wrapper\">\n\n<div class=\"fusion-clean-product-image-wrapper\">\n\t<div  class=\"fusion-image-wrapper fusion-image-size-fixed\" aria-haspopup=\"true\">\n\t\t\t\t\t\t\t<a href=\"https:\/\/www.dantza.com\/fr\/produit\/esparrago-igp-navarra-frasco-r-370\/\" aria-label=\"Asperge DO Navarre Pot R-370\">\n\t\t\t\t\t\t\t<img decoding=\"async\" width=\"500\" height=\"500\" src=\"https:\/\/www.dantza.com\/wp-content\/uploads\/2023\/05\/Esparrago_DO_Navarra_R370_6-8_2000x2000-500x500.jpg\" class=\"attachment-woocommerce_thumbnail size-woocommerce_thumbnail lazyload wp-post-image\" alt=\"Comprar Esp\u00e1rrago IGP Navarra r370 | Calidad gourmet\" srcset=\"data:image\/svg+xml,%3Csvg%20xmlns%3D%27http%3A%2F%2Fwww.w3.org%2F2000%2Fsvg%27%20width%3D%272000%27%20height%3D%272000%27%20viewBox%3D%270%200%202000%202000%27%3E%3Crect%20width%3D%272000%27%20height%3D%272000%27%20fill-opacity%3D%220%22%2F%3E%3C%2Fsvg%3E\" data-orig-src=\"https:\/\/www.dantza.com\/wp-content\/uploads\/2023\/05\/Esparrago_DO_Navarra_R370_6-8_2000x2000-500x500.jpg\" data-srcset=\"https:\/\/www.dantza.com\/wp-content\/uploads\/2023\/05\/Esparrago_DO_Navarra_R370_6-8_2000x2000-12x12.jpg 12w, https:\/\/www.dantza.com\/wp-content\/uploads\/2023\/05\/Esparrago_DO_Navarra_R370_6-8_2000x2000-66x66.jpg 66w, https:\/\/www.dantza.com\/wp-content\/uploads\/2023\/05\/Esparrago_DO_Navarra_R370_6-8_2000x2000-150x150.jpg 150w, https:\/\/www.dantza.com\/wp-content\/uploads\/2023\/05\/Esparrago_DO_Navarra_R370_6-8_2000x2000-200x200.jpg 200w, https:\/\/www.dantza.com\/wp-content\/uploads\/2023\/05\/Esparrago_DO_Navarra_R370_6-8_2000x2000-300x300.jpg 300w, https:\/\/www.dantza.com\/wp-content\/uploads\/2023\/05\/Esparrago_DO_Navarra_R370_6-8_2000x2000-400x400.jpg 400w, https:\/\/www.dantza.com\/wp-content\/uploads\/2023\/05\/Esparrago_DO_Navarra_R370_6-8_2000x2000-500x500.jpg 500w, https:\/\/www.dantza.com\/wp-content\/uploads\/2023\/05\/Esparrago_DO_Navarra_R370_6-8_2000x2000-600x600.jpg 600w, https:\/\/www.dantza.com\/wp-content\/uploads\/2023\/05\/Esparrago_DO_Navarra_R370_6-8_2000x2000-700x700.jpg 700w, https:\/\/www.dantza.com\/wp-content\/uploads\/2023\/05\/Esparrago_DO_Navarra_R370_6-8_2000x2000-768x768.jpg 768w, https:\/\/www.dantza.com\/wp-content\/uploads\/2023\/05\/Esparrago_DO_Navarra_R370_6-8_2000x2000-800x800.jpg 800w, https:\/\/www.dantza.com\/wp-content\/uploads\/2023\/05\/Esparrago_DO_Navarra_R370_6-8_2000x2000-1024x1024.jpg 1024w, https:\/\/www.dantza.com\/wp-content\/uploads\/2023\/05\/Esparrago_DO_Navarra_R370_6-8_2000x2000-1200x1200.jpg 1200w, https:\/\/www.dantza.com\/wp-content\/uploads\/2023\/05\/Esparrago_DO_Navarra_R370_6-8_2000x2000-1536x1536.jpg 1536w\" data-sizes=\"auto\" title=\"\" data-orig-><div class=\"cart-loading\"><i class=\"awb-icon-spinner\" aria-hidden=\"true\"><\/i><\/div>\t\t\t<\/a>\n\t\t\t\t\t\t\t<\/div>\n<\/div>\n<div class=\"fusion-product-content\">\n\t<div class=\"product-details\">\n\t\t<div class=\"product-details-container\">\n<h3 class=\"product-title\">\n\t<a href=\"https:\/\/www.dantza.com\/fr\/produit\/esparrago-igp-navarra-frasco-r-370\/\">\n\t\tAsperge DO Navarre Pot R-370\t<\/a>\n<\/h3>\n<div class=\"fusion-price-rating\">\n\n\t\t<\/div>\n\t<\/div>\n<\/div>\n\n\t<\/div> \n\n\n<\/div>\n<\/li>\n<li class=\"product type-product post-1210 status-publish first instock product_cat-entero-extra-igp-navarra product_cat-esparrago-de-navarra has-post-thumbnail shipping-taxable product-type-simple product-grid-view\">\n\t<div class=\"fusion-product-wrapper\">\n\n<div class=\"fusion-clean-product-image-wrapper\">\n\t<div  class=\"fusion-image-wrapper fusion-image-size-fixed\" aria-haspopup=\"true\">\n\t\t\t\t\t\t\t<a href=\"https:\/\/www.dantza.com\/fr\/produit\/esparrago-extra-grueso-edicion-especial\/\" aria-label=\"Asperges extra \u00e9paisses (\u00e9dition sp\u00e9ciale)\">\n\t\t\t\t\t\t\t<img decoding=\"async\" width=\"500\" height=\"500\" src=\"https:\/\/www.dantza.com\/wp-content\/uploads\/2023\/05\/Esparrago_Edicion_especial_3-5_2000x2000-500x500.jpg\" class=\"attachment-woocommerce_thumbnail size-woocommerce_thumbnail lazyload wp-post-image\" alt=\"Comprar Esp\u00e1rrago extra grueso | Edici\u00f3n especial\" srcset=\"data:image\/svg+xml,%3Csvg%20xmlns%3D%27http%3A%2F%2Fwww.w3.org%2F2000%2Fsvg%27%20width%3D%272000%27%20height%3D%272000%27%20viewBox%3D%270%200%202000%202000%27%3E%3Crect%20width%3D%272000%27%20height%3D%272000%27%20fill-opacity%3D%220%22%2F%3E%3C%2Fsvg%3E\" data-orig-src=\"https:\/\/www.dantza.com\/wp-content\/uploads\/2023\/05\/Esparrago_Edicion_especial_3-5_2000x2000-500x500.jpg\" data-srcset=\"https:\/\/www.dantza.com\/wp-content\/uploads\/2023\/05\/Esparrago_Edicion_especial_3-5_2000x2000-12x12.jpg 12w, https:\/\/www.dantza.com\/wp-content\/uploads\/2023\/05\/Esparrago_Edicion_especial_3-5_2000x2000-66x66.jpg 66w, https:\/\/www.dantza.com\/wp-content\/uploads\/2023\/05\/Esparrago_Edicion_especial_3-5_2000x2000-150x150.jpg 150w, https:\/\/www.dantza.com\/wp-content\/uploads\/2023\/05\/Esparrago_Edicion_especial_3-5_2000x2000-200x200.jpg 200w, https:\/\/www.dantza.com\/wp-content\/uploads\/2023\/05\/Esparrago_Edicion_especial_3-5_2000x2000-300x300.jpg 300w, https:\/\/www.dantza.com\/wp-content\/uploads\/2023\/05\/Esparrago_Edicion_especial_3-5_2000x2000-400x400.jpg 400w, https:\/\/www.dantza.com\/wp-content\/uploads\/2023\/05\/Esparrago_Edicion_especial_3-5_2000x2000-500x500.jpg 500w, https:\/\/www.dantza.com\/wp-content\/uploads\/2023\/05\/Esparrago_Edicion_especial_3-5_2000x2000-600x600.jpg 600w, https:\/\/www.dantza.com\/wp-content\/uploads\/2023\/05\/Esparrago_Edicion_especial_3-5_2000x2000-700x700.jpg 700w, https:\/\/www.dantza.com\/wp-content\/uploads\/2023\/05\/Esparrago_Edicion_especial_3-5_2000x2000-768x768.jpg 768w, https:\/\/www.dantza.com\/wp-content\/uploads\/2023\/05\/Esparrago_Edicion_especial_3-5_2000x2000-800x800.jpg 800w, https:\/\/www.dantza.com\/wp-content\/uploads\/2023\/05\/Esparrago_Edicion_especial_3-5_2000x2000-1024x1024.jpg 1024w, https:\/\/www.dantza.com\/wp-content\/uploads\/2023\/05\/Esparrago_Edicion_especial_3-5_2000x2000-1200x1200.jpg 1200w, https:\/\/www.dantza.com\/wp-content\/uploads\/2023\/05\/Esparrago_Edicion_especial_3-5_2000x2000-1536x1536.jpg 1536w\" data-sizes=\"auto\" title=\"\" data-orig-><div class=\"cart-loading\"><i class=\"awb-icon-spinner\" aria-hidden=\"true\"><\/i><\/div>\t\t\t<\/a>\n\t\t\t\t\t\t\t<\/div>\n<\/div>\n<div class=\"fusion-product-content\">\n\t<div class=\"product-details\">\n\t\t<div class=\"product-details-container\">\n<h3 class=\"product-title\">\n\t<a href=\"https:\/\/www.dantza.com\/fr\/produit\/esparrago-extra-grueso-edicion-especial\/\">\n\t\tAsperges extra \u00e9paisses (\u00e9dition sp\u00e9ciale)\t<\/a>\n<\/h3>\n<div class=\"fusion-price-rating\">\n\n\t\t<\/div>\n\t<\/div>\n<\/div>\n\n\t<\/div> \n\n\n<\/div>\n<\/li>\n<li class=\"product type-product post-1100 status-publish instock product_cat-yemas-extra-igp-navarra has-post-thumbnail shipping-taxable product-type-simple product-grid-view\">\n\t<div class=\"fusion-product-wrapper\">\n\n<div class=\"fusion-clean-product-image-wrapper\">\n\t<div  class=\"fusion-image-wrapper fusion-image-size-fixed\" aria-haspopup=\"true\">\n\t\t\t\t\t\t\t<a href=\"https:\/\/www.dantza.com\/fr\/produit\/yemas-igp-navarra-frasco-b-250\/\" aria-label=\"Pointes d\u2019asperges DO Navarre pot B-250\">\n\t\t\t\t\t\t\t<img decoding=\"async\" width=\"500\" height=\"500\" src=\"https:\/\/www.dantza.com\/wp-content\/uploads\/2023\/05\/Yemas_DO_Navarra_muy_gruesas_2000x2000-500x500.jpg\" class=\"attachment-woocommerce_thumbnail size-woocommerce_thumbnail lazyload wp-post-image\" alt=\"Comprar Yemas IGP Navarra b250 | Tradici\u00f3n gourmet\" srcset=\"data:image\/svg+xml,%3Csvg%20xmlns%3D%27http%3A%2F%2Fwww.w3.org%2F2000%2Fsvg%27%20width%3D%272000%27%20height%3D%272000%27%20viewBox%3D%270%200%202000%202000%27%3E%3Crect%20width%3D%272000%27%20height%3D%272000%27%20fill-opacity%3D%220%22%2F%3E%3C%2Fsvg%3E\" data-orig-src=\"https:\/\/www.dantza.com\/wp-content\/uploads\/2023\/05\/Yemas_DO_Navarra_muy_gruesas_2000x2000-500x500.jpg\" data-srcset=\"https:\/\/www.dantza.com\/wp-content\/uploads\/2023\/05\/Yemas_DO_Navarra_muy_gruesas_2000x2000-12x12.jpg 12w, https:\/\/www.dantza.com\/wp-content\/uploads\/2023\/05\/Yemas_DO_Navarra_muy_gruesas_2000x2000-66x66.jpg 66w, https:\/\/www.dantza.com\/wp-content\/uploads\/2023\/05\/Yemas_DO_Navarra_muy_gruesas_2000x2000-150x150.jpg 150w, https:\/\/www.dantza.com\/wp-content\/uploads\/2023\/05\/Yemas_DO_Navarra_muy_gruesas_2000x2000-200x200.jpg 200w, https:\/\/www.dantza.com\/wp-content\/uploads\/2023\/05\/Yemas_DO_Navarra_muy_gruesas_2000x2000-300x300.jpg 300w, https:\/\/www.dantza.com\/wp-content\/uploads\/2023\/05\/Yemas_DO_Navarra_muy_gruesas_2000x2000-400x400.jpg 400w, https:\/\/www.dantza.com\/wp-content\/uploads\/2023\/05\/Yemas_DO_Navarra_muy_gruesas_2000x2000-500x500.jpg 500w, https:\/\/www.dantza.com\/wp-content\/uploads\/2023\/05\/Yemas_DO_Navarra_muy_gruesas_2000x2000-600x600.jpg 600w, https:\/\/www.dantza.com\/wp-content\/uploads\/2023\/05\/Yemas_DO_Navarra_muy_gruesas_2000x2000-700x700.jpg 700w, https:\/\/www.dantza.com\/wp-content\/uploads\/2023\/05\/Yemas_DO_Navarra_muy_gruesas_2000x2000-768x768.jpg 768w, https:\/\/www.dantza.com\/wp-content\/uploads\/2023\/05\/Yemas_DO_Navarra_muy_gruesas_2000x2000-800x800.jpg 800w, https:\/\/www.dantza.com\/wp-content\/uploads\/2023\/05\/Yemas_DO_Navarra_muy_gruesas_2000x2000-1024x1024.jpg 1024w, https:\/\/www.dantza.com\/wp-content\/uploads\/2023\/05\/Yemas_DO_Navarra_muy_gruesas_2000x2000-1200x1200.jpg 1200w, https:\/\/www.dantza.com\/wp-content\/uploads\/2023\/05\/Yemas_DO_Navarra_muy_gruesas_2000x2000-1536x1536.jpg 1536w\" data-sizes=\"auto\" title=\"\" data-orig-><div class=\"cart-loading\"><i class=\"awb-icon-spinner\" aria-hidden=\"true\"><\/i><\/div>\t\t\t<\/a>\n\t\t\t\t\t\t\t<\/div>\n<\/div>\n<div class=\"fusion-product-content\">\n\t<div class=\"product-details\">\n\t\t<div class=\"product-details-container\">\n<h3 class=\"product-title\">\n\t<a href=\"https:\/\/www.dantza.com\/fr\/produit\/yemas-igp-navarra-frasco-b-250\/\">\n\t\tPointes d\u2019asperges DO Navarre pot B-250\t<\/a>\n<\/h3>\n<div class=\"fusion-price-rating\">\n\n\t\t<\/div>\n\t<\/div>\n<\/div>\n\n\t<\/div> \n\n\n<\/div>\n<\/li>\n<\/ul><div class=\"fusion-woo-product-grid-pagination fusion-clearfix\"><\/div><\/div><\/div><\/div><\/div><\/div><div class=\"fusion-fullwidth fullwidth-box fusion-builder-row-5 fusion-flex-container has-pattern-background has-mask-background nonhundred-percent-fullwidth non-hundred-percent-height-scrolling\" style=\"--awb-border-radius-top-left:0px;--awb-border-radius-top-right:0px;--awb-border-radius-bottom-right:0px;--awb-border-radius-bottom-left:0px;--awb-flex-wrap:wrap;\" ><div class=\"fusion-builder-row fusion-row fusion-flex-align-items-flex-start fusion-flex-content-wrap\" style=\"max-width:1248px;margin-left: calc(-4% \/ 2 );margin-right: calc(-4% \/ 2 );\"><\/div><\/div><div class=\"fusion-fullwidth fullwidth-box fusion-builder-row-6 fusion-flex-container has-pattern-background has-mask-background nonhundred-percent-fullwidth non-hundred-percent-height-scrolling\" style=\"--awb-border-radius-top-left:0px;--awb-border-radius-top-right:0px;--awb-border-radius-bottom-right:0px;--awb-border-radius-bottom-left:0px;--awb-flex-wrap:wrap;\" ><div class=\"fusion-builder-row fusion-row fusion-flex-align-items-flex-start fusion-flex-content-wrap\" style=\"max-width:1248px;margin-left: calc(-4% \/ 2 );margin-right: calc(-4% \/ 2 );\"><div class=\"fusion-layout-column fusion_builder_column fusion-builder-column-5 fusion_builder_column_1_1 1_1 fusion-flex-column\" style=\"--awb-bg-size:cover;--awb-width-large:100%;--awb-margin-top-large:0px;--awb-spacing-right-large:1.92%;--awb-margin-bottom-large:20px;--awb-spacing-left-large:1.92%;--awb-width-medium:100%;--awb-order-medium:0;--awb-spacing-right-medium:1.92%;--awb-spacing-left-medium:1.92%;--awb-width-small:100%;--awb-order-small:0;--awb-spacing-right-small:1.92%;--awb-spacing-left-small:1.92%;\"><div class=\"fusion-column-wrapper fusion-column-has-shadow fusion-flex-justify-content-flex-start fusion-content-layout-column\"><div class=\"fusion-section-separator section-separator triangle fusion-section-separator-2\" style=\"--awb-border-top:1px solid var(--awb-color3);--awb-spacer-height:1px;--awb-svg-margin-left:1.92%;--awb-svg-margin-right:1.92%;--awb-svg-margin-left-medium:1.92%;--awb-svg-margin-right-medium:1.92%;--awb-svg-margin-left-small:1.92%;--awb-svg-margin-right-small:1.92%;--awb-icon-color:var(--awb-color1);\"><div class=\"fusion-section-separator-svg\"><div class=\"divider-candy-arrow top\" style=\"bottom:0px;border-bottom-color: var(--awb-color2);\"><\/div><div class=\"divider-candy top\" style=\"top:-21px;border-bottom:1px solid var(--awb-color3);border-left:1px solid var(--awb-color3);\"><\/div><\/div><div class=\"fusion-section-separator-spacer\"><div class=\"fusion-section-separator-spacer-height\"><\/div><\/div><\/div><div class=\"fusion-text fusion-text-2\"><h2 data-start=\"625\" data-end=\"711\">Esp\u00e1rragos de Navarra: aut\u00e9ntico sabor de Navarra con denominaci\u00f3n de origen<\/h2>\n<p data-start=\"713\" data-end=\"1080\">Si deseas <strong data-start=\"723\" data-end=\"756\">comprar esp\u00e1rragos de Navarra<\/strong> de m\u00e1xima calidad, elaborados de forma artesanal y con el sabor caracter\u00edstico de la huerta del norte, est\u00e1s en el lugar ideal. <strong>Dantza<\/strong>\u00a0trabaja con productores locales comprometidos con la excelencia gastron\u00f3mica, permiti\u00e9ndote disfrutar del <strong data-start=\"1032\" data-end=\"1062\">aut\u00e9ntico sabor de Navarra<\/strong> en cada conserva.<\/p>\n<p data-start=\"1082\" data-end=\"1305\">Los <strong data-start=\"1086\" data-end=\"1121\">esp\u00e1rragos de navarra esp\u00e1rrago<\/strong> destacan por su textura tersa, color blanco puro y sabor natural, caracter\u00edsticas \u00fanicas que se deben a las condiciones clim\u00e1ticas, suelos f\u00e9rtiles y m\u00e9todos de cultivo tradicionales.<\/p>\n<h2 data-start=\"1312\" data-end=\"1372\">Calidad certificada: esp\u00e1rrago con denominaci\u00f3n de origen<\/h2>\n<p data-start=\"1374\" data-end=\"1696\">Nuestros productos cuentan con la <strong data-start=\"1408\" data-end=\"1442\">denominaci\u00f3n de origen Navarra<\/strong>, que garantiza que cada fruto ha sido cultivado, recolectado y elaborado siguiendo los est\u00e1ndares m\u00e1s exigentes, preservando sus cualidades organol\u00e9pticas. Adem\u00e1s, disponen de <strong data-start=\"1619\" data-end=\"1654\">indicaci\u00f3n geogr\u00e1fica protegida<\/strong>, reflejo de la exclusividad de la regi\u00f3n.<\/p>\n<blockquote data-start=\"1698\" data-end=\"1883\">\n<p data-start=\"1700\" data-end=\"1883\">Al comprar nuestros esp\u00e1rragos, adquieres un <strong data-start=\"1745\" data-end=\"1785\">esp\u00e1rrago con denominaci\u00f3n de origen<\/strong>, cultivado de forma artesanal y procesado manualmente para conservar todo su potencial culinario.<\/p>\n<\/blockquote>\n<h2 data-start=\"1890\" data-end=\"1961\">Variedades disponibles: blancos extra gruesos y m\u00e1s formatos gourmet<\/h2>\n<p data-start=\"1963\" data-end=\"2075\">En Dantza encontrar\u00e1s una selecci\u00f3n pensada para los amantes de la buena cocina y los productos premium:<\/p>\n<h3 data-start=\"2077\" data-end=\"2120\">Esp\u00e1rragos <strong data-start=\"2095\" data-end=\"2120\">blancos extra gruesos<\/strong><\/h3>\n<p data-start=\"2121\" data-end=\"2269\">El formato m\u00e1s apreciado por los expertos. Ideales para degustarlos directamente con <em data-start=\"2206\" data-end=\"2236\">aceite de oliva virgen extra<\/em>, al natural o en platos gourmet.<\/p>\n<h3 data-start=\"2271\" data-end=\"2307\">Esp\u00e1rragos gruesos y medianos<\/h3>\n<p data-start=\"2308\" data-end=\"2380\">Perfectos para entrantes, guarniciones especiales o ensaladas templadas.<\/p>\n<h3 data-start=\"2382\" data-end=\"2408\">Esp\u00e1rragos delgados<\/h3>\n<p data-start=\"2409\" data-end=\"2461\">Ideales para tapas, pintxos y elaboraciones ligeras.<\/p>\n<h3 data-start=\"2463\" data-end=\"2484\">Yemas selectas<\/h3>\n<p data-start=\"2485\" data-end=\"2560\">La parte m\u00e1s tierna del esp\u00e1rrago, exquisita para presentaciones elegantes.<\/p>\n<p data-start=\"2562\" data-end=\"2693\">Todos los formatos pertenecen a los <strong data-start=\"2598\" data-end=\"2631\">mejores esp\u00e1rragos de Navarra<\/strong>, conservados con mimo para mantener sus propiedades intactas.<\/p>\n<h2 data-start=\"0\" data-end=\"39\">Comprar esp\u00e1rragos de Navarra en tus distribuidor de confianza<\/h2>\n<p data-start=\"41\" data-end=\"538\">Si quieres <strong data-start=\"52\" data-end=\"85\">comprar esparragos de navarra<\/strong> con origen certificado, en Dantza trabajamos con agricultores de la zona amparada por la IGP Esp\u00e1rrago de Navarra, que incluye <strong data-start=\"213\" data-end=\"242\">aragon la rioja y navarra<\/strong>. Desde el campo hasta la conserva, <strong data-start=\"278\" data-end=\"318\">seleccionamos los mejores esparragos<\/strong> para que a tu mesa lleguen aut\u00e9nticos <strong data-start=\"357\" data-end=\"393\">esparragos de navarra esparragos<\/strong> blancos, tiernos y sin fibrosidad, elaborados de forma artesanal y listos para disfrutar en tus recetas del d\u00eda a d\u00eda o en ocasiones especiales.<\/p>\n<p data-start=\"540\" data-end=\"1073\">Nuestra tienda online te permite hacer tu pedido en cualquier momento; para ello solo tienes que elegir el formato que mejor se adapte a tus gustos y necesidades. Si tienes dudas sobre calibres, usos o maridajes, <strong data-start=\"753\" data-end=\"785\">consulte nuestra informacion<\/strong> de producto y propuestas de consumo: te ayudamos a acertar siempre que decidas <strong data-start=\"865\" data-end=\"898\">comprar esparragos de navarra<\/strong>, de forma c\u00f3moda, segura y con env\u00edo directo a tu hogar, sea cual sea la \u00e9poca del a\u00f1o, porque <strong data-start=\"994\" data-end=\"1025\">cualquier momento para ello<\/strong> es perfecto cuando se trata de calidad gourmet.<\/p>\n<h2 data-start=\"2700\" data-end=\"2740\">Conservas premium: no s\u00f3lo esp\u00e1rragos<\/h2>\n<p data-start=\"2742\" data-end=\"2964\">Trabajamos con productores tradicionales que tambi\u00e9n elaboran <strong data-start=\"2804\" data-end=\"2860\">verduras, legumbres, pimientos<\/strong>,etc. Formando un conjunto de productos gourmet que representan el aut\u00e9ntico patrimonio culinario del norte.<\/p>\n<p data-start=\"2966\" data-end=\"3013\">Entre nuestras especialidades podr\u00e1s encontrar:<\/p>\n<ul data-start=\"3014\" data-end=\"3230\">\n<li data-start=\"3014\" data-end=\"3069\">\n<p data-start=\"3016\" data-end=\"3069\"><strong data-start=\"3016\" data-end=\"3041\">Verduras de temporada<\/strong> en conserva tradicionales<\/p>\n<\/li>\n<li data-start=\"3070\" data-end=\"3121\">\n<p data-start=\"3072\" data-end=\"3121\"><strong data-start=\"3072\" data-end=\"3099\">Legumbres seleccionadas<\/strong> de cocci\u00f3n perfecta<\/p>\n<\/li>\n<li data-start=\"3122\" data-end=\"3230\">\n<p data-start=\"3124\" data-end=\"3230\"><strong data-start=\"3124\" data-end=\"3159\">Esp\u00e1rragos de navarra pimientos<\/strong> y otras conservas como alcachofas, guindillas o pimientos del piquillo<\/p>\n<\/li>\n<\/ul>\n<p data-start=\"3232\" data-end=\"3314\">Si buscas las <strong data-start=\"3246\" data-end=\"3278\">mejores conservas de Navarra<\/strong>, Dantza es la opci\u00f3n ideal.<\/p>\n<h2 data-start=\"3321\" data-end=\"3380\">\u00bfC\u00f3mo disfrutar de los aut\u00e9nticos esp\u00e1rragos de Navarra?<\/h2>\n<p data-start=\"3382\" data-end=\"3455\">Puedes consumirlos directamente o darles un toque gourmet en tus recetas:<\/p>\n<ul data-start=\"3457\" data-end=\"3685\">\n<li data-start=\"3457\" data-end=\"3491\">\n<p data-start=\"3459\" data-end=\"3491\">Al natural con aceite de oliva<\/p>\n<\/li>\n<li data-start=\"3492\" data-end=\"3543\">\n<p data-start=\"3494\" data-end=\"3543\">En ensaladas, con salm\u00f3n, huevo duro o aguacate<\/p>\n<\/li>\n<li data-start=\"3544\" data-end=\"3577\">\n<p data-start=\"3546\" data-end=\"3577\">Como entrante fr\u00edo o templado<\/p>\n<\/li>\n<li data-start=\"3578\" data-end=\"3600\">\n<p data-start=\"3580\" data-end=\"3600\">En pintxos y tapas<\/p>\n<\/li>\n<li data-start=\"3601\" data-end=\"3649\">\n<p data-start=\"3603\" data-end=\"3649\">Como guarnici\u00f3n de carnes blancas o pescados<\/p>\n<\/li>\n<li data-start=\"3650\" data-end=\"3685\">\n<p data-start=\"3652\" data-end=\"3685\">En cremas suaves y platos ligeros<\/p>\n<\/li>\n<\/ul>\n<h2 data-start=\"3692\" data-end=\"3715\">Preguntas frecuentes<\/h2>\n<h3 data-start=\"3717\" data-end=\"3766\">\u00bfQu\u00e9 diferencia a los esp\u00e1rragos navarros?<\/h3>\n<p data-start=\"3767\" data-end=\"3964\">La combinaci\u00f3n de suelo, clima y cultivo tradicional les otorga un sabor \u00fanico. La <strong data-start=\"3850\" data-end=\"3884\">denominaci\u00f3n de origen Navarra<\/strong> y la <strong data-start=\"3890\" data-end=\"3925\">indicaci\u00f3n geogr\u00e1fica protegida<\/strong> son garant\u00eda de pureza y autenticidad.<\/p>\n<h3 data-start=\"3966\" data-end=\"4009\">\u00bfC\u00f3mo conservarlos una vez abiertos?<\/h3>\n<p data-start=\"4010\" data-end=\"4071\">Mantener en su jugo, refrigerados y consumir en <strong data-start=\"4058\" data-end=\"4070\">2-3 d\u00edas<\/strong>.<\/p>\n<h3 data-start=\"4073\" data-end=\"4109\">\u00bfPueden tomarse directamente?<\/h3>\n<p data-start=\"4110\" data-end=\"4226\">S\u00ed, est\u00e1n elaborados para su consumo inmediato. Solo abre la conserva y disfruta del <strong data-start=\"4195\" data-end=\"4225\">aut\u00e9ntico sabor de Navarra<\/strong>.<\/p>\n<h2 data-start=\"4233\" data-end=\"4275\">Esp\u00e1rragos de Navarra mejor calidad<\/h2>\n<p data-start=\"4277\" data-end=\"4522\">Dantza significa adquirir:<br \/>\n&#x2714; <strong data-start=\"4325\" data-end=\"4361\">Esp\u00e1rragos de navarra de calidad<\/strong><br data-start=\"4361\" data-end=\"4364\" \/>&#x2714; Producto con <strong data-start=\"4379\" data-end=\"4413\">denominaci\u00f3n de origen Navarra<\/strong><br data-start=\"4413\" data-end=\"4416\" \/>&#x2714; Conserva artesanal, sin conservantes artificiales<br data-start=\"4467\" data-end=\"4470\" \/>&#x2714; Textura suave, sabor equilibrado y calibre premium<\/p>\n<p data-start=\"4524\" data-end=\"4600\"><em data-start=\"4527\" data-end=\"4600\">Contacta con Dantza y lleva a tu mesa los mejores esp\u00e1rragos del norte.<\/em><\/p>\n<p data-start=\"4602\" data-end=\"4677\"><strong data-start=\"4605\" data-end=\"4677\">Comprar esp\u00e1rragos de Navarra nunca fue tan f\u00e1cil, seguro y gourmet.<\/strong><\/p>\n<\/div><\/div><\/div><\/div><\/div><\/p>","protected":false},"excerpt":{"rendered":"","protected":false},"author":1,"featured_media":0,"parent":12,"menu_order":0,"comment_status":"closed","ping_status":"closed","template":"100-width.php","meta":{"footnotes":""},"class_list":["post-1390","page","type-page","status-publish","hentry"],"_links":{"self":[{"href":"https:\/\/www.dantza.com\/fr\/wp-json\/wp\/v2\/pages\/1390","targetHints":{"allow":["GET"]}}],"collection":[{"href":"https:\/\/www.dantza.com\/fr\/wp-json\/wp\/v2\/pages"}],"about":[{"href":"https:\/\/www.dantza.com\/fr\/wp-json\/wp\/v2\/types\/page"}],"author":[{"embeddable":true,"href":"https:\/\/www.dantza.com\/fr\/wp-json\/wp\/v2\/users\/1"}],"replies":[{"embeddable":true,"href":"https:\/\/www.dantza.com\/fr\/wp-json\/wp\/v2\/comments?post=1390"}],"version-history":[{"count":9,"href":"https:\/\/www.dantza.com\/fr\/wp-json\/wp\/v2\/pages\/1390\/revisions"}],"predecessor-version":[{"id":4487,"href":"https:\/\/www.dantza.com\/fr\/wp-json\/wp\/v2\/pages\/1390\/revisions\/4487"}],"up":[{"embeddable":true,"href":"https:\/\/www.dantza.com\/fr\/wp-json\/wp\/v2\/pages\/12"}],"wp:attachment":[{"href":"https:\/\/www.dantza.com\/fr\/wp-json\/wp\/v2\/media?parent=1390"}],"curies":[{"name":"wp","href":"https:\/\/api.w.org\/{rel}","templated":true}]}}